{"version":"1.0","provider_name":"Pro Terra Sancta","provider_url":"https:\/\/preprod.proterrasancta.org\/fr\/","author_name":"Giacomo Pizzi","author_url":"https:\/\/preprod.proterrasancta.org\/fr\/author\/pizzi\/","title":"L'\u00e9ducation \u00e0 Bethl\u00e9em: histoire de Jameela et Reem","type":"rich","width":600,"height":338,"html":"<blockquote class=\"wp-embedded-content\" data-secret=\"xg8PvST81S\"><a href=\"https:\/\/preprod.proterrasancta.org\/fr\/leducation-a-bethleem-histoire-de-jameela-et-reem\/\">L&rsquo;\u00e9ducation \u00e0 Bethl\u00e9em: histoire de Jameela et Reem<\/a><\/blockquote><iframe sandbox=\"allow-scripts\" security=\"restricted\" src=\"https:\/\/preprod.proterrasancta.org\/fr\/leducation-a-bethleem-histoire-de-jameela-et-reem\/embed\/#?secret=xg8PvST81S\" width=\"600\" height=\"338\" title=\"\u00ab\u00a0L&rsquo;\u00e9ducation \u00e0 Bethl\u00e9em: histoire de Jameela et Reem\u00a0\u00bb &#8212; Pro Terra Sancta\" data-secret=\"xg8PvST81S\" frameborder=\"0\" marginwidth=\"0\" marginheight=\"0\" scrolling=\"no\" class=\"wp-embedded-content\"><\/iframe><script type=\"text\/javascript\">\n\/* <![CDATA[ *\/\n\/*! This file is auto-generated *\/\n!function(d,l){\"use strict\";l.querySelector&&d.addEventListener&&\"undefined\"!=typeof URL&&(d.wp=d.wp||{},d.wp.receiveEmbedMessage||(d.wp.receiveEmbedMessage=function(e){var t=e.data;if((t||t.secret||t.message||t.value)&&!\/[^a-zA-Z0-9]\/.test(t.secret)){for(var s,r,n,a=l.querySelectorAll('iframe[data-secret=\"'+t.secret+'\"]'),o=l.querySelectorAll('blockquote[data-secret=\"'+t.secret+'\"]'),c=new RegExp(\"^https?:$\",\"i\"),i=0;i<o.length;i++)o[i].style.display=\"none\";for(i=0;i<a.length;i++)s=a[i],e.source===s.contentWindow&&(s.removeAttribute(\"style\"),\"height\"===t.message?(1e3<(r=parseInt(t.value,10))?r=1e3:~~r<200&&(r=200),s.height=r):\"link\"===t.message&&(r=new URL(s.getAttribute(\"src\")),n=new URL(t.value),c.test(n.protocol))&&n.host===r.host&&l.activeElement===s&&(d.top.location.href=t.value))}},d.addEventListener(\"message\",d.wp.receiveEmbedMessage,!1),l.addEventListener(\"DOMContentLoaded\",function(){for(var e,t,s=l.querySelectorAll(\"iframe.wp-embedded-content\"),r=0;r<s.length;r++)(t=(e=s[r]).getAttribute(\"data-secret\"))||(t=Math.random().toString(36).substring(2,12),e.src+=\"#?secret=\"+t,e.setAttribute(\"data-secret\",t)),e.contentWindow.postMessage({message:\"ready\",secret:t},\"*\")},!1)))}(window,document);\n\/* ]]> *\/\n<\/script>\n","thumbnail_url":"https:\/\/preprod.proterrasancta.org\/wp-content\/uploads\/MAB_091023_4045.jpg","thumbnail_width":1000,"thumbnail_height":709,"description":"Jameela et Reem sont deux cousins \u200b\u200bde 15 ans qui fr\u00e9quentent l&lsquo;\u00e9cole Saint Joseph pour filles, non loin du centre historique de Bethl\u00e9em. Jameela et Reem ne sont que deux des 238 filles de cette institution qui sont aid\u00e9es avec les frais, gr\u00e2ce au soutien de l&rsquo;ATS pro Terra Sancta \u00e0 travers les fonds de [&hellip;]"}